{"id":8066,"date":"2020-08-11T14:32:48","date_gmt":"2020-08-11T18:32:48","guid":{"rendered":"https:\/\/www.parnipcas.org\/protection-de-lenfance\/autres-raisons-de-mener-enquete\/"},"modified":"2020-08-11T14:32:48","modified_gmt":"2020-08-11T18:32:48","slug":"autres-raisons-de-mener-enquete","status":"publish","type":"page","link":"https:\/\/www.parnipcas.org\/fr\/protection-de-lenfance\/autres-raisons-de-mener-enquete\/","title":{"rendered":"Autres raisons de mener enqu\u251c\u00acte"},"content":{"rendered":"<p>[et_pb_section fb_built=\u00a0\u00bb1&Prime; module_class=\u00a0\u00bbheader-icon-size\u00a0\u00bb _builder_version=\u00a0\u00bb4.4.8&Prime; background_color=\u00a0\u00bb#1b2b42&Prime; use_background_color_gradient=\u00a0\u00bbon\u00a0\u00bb background_color_gradient_start=\u00a0\u00bbrgba(27,43,66,0.87)\u00a0\u00bb background_color_gradient_end=\u00a0\u00bbrgba(0,39,94,0.93)\u00a0\u00bb background_color_gradient_overlays_image=\u00a0\u00bbon\u00a0\u00bb background_image=\u00a0\u00bbhttps:\/\/www.parnipcas.org\/wp-content\/uploads\/2020\/06\/stock-photo-little-kids-at-a-halloween-party-1173596917.jpg\u00a0\u00bb custom_padding=\u00a0\u00bb||||true|false\u00a0\u00bb da_disable_devices=\u00a0\u00bboff|off|off\u00a0\u00bb global_module=\u00a0\u00bb463&Prime; saved_tabs=\u00a0\u00bball\u00a0\u00bb da_is_popup=\u00a0\u00bboff\u00a0\u00bb da_exit_intent=\u00a0\u00bboff\u00a0\u00bb da_has_close=\u00a0\u00bbon\u00a0\u00bb da_alt_close=\u00a0\u00bboff\u00a0\u00bb da_dark_close=\u00a0\u00bboff\u00a0\u00bb da_not_modal=\u00a0\u00bbon\u00a0\u00bb da_is_singular=\u00a0\u00bboff\u00a0\u00bb da_with_loader=\u00a0\u00bboff\u00a0\u00bb da_has_shadow=\u00a0\u00bbon\u00a0\u00bb][et_pb_row make_equal=\u00a0\u00bbon\u00a0\u00bb _builder_version=\u00a0\u00bb4.4.8&Prime; width=\u00a0\u00bb100%\u00a0\u00bb max_width=\u00a0\u00bb900px\u00a0\u00bb][et_pb_column type=\u00a0\u00bb4_4&Prime; _builder_version=\u00a0\u00bb4.4.8&Prime;][et_pb_text _builder_version=\u00a0\u00bb4.4.9&Prime; header_font=\u00a0\u00bbGill Sans MT Bold||||||||\u00a0\u00bb header_text_align=\u00a0\u00bbcenter\u00a0\u00bb header_text_color=\u00a0\u00bb#ffffff\u00a0\u00bb header_font_size=\u00a0\u00bb60px\u00a0\u00bb header_font_size_tablet=\u00a0\u00bb\u00a0\u00bb header_font_size_phone=\u00a0\u00bb38px\u00a0\u00bb header_font_size_last_edited=\u00a0\u00bbon|phone\u00a0\u00bb]<\/p>\n<h1>Protection de l\u00d4\u00c7\u00d6enfance<\/h1>\n<p>[\/et_pb_text][\/et_pb_column][\/et_pb_row][\/et_pb_section][et_pb_section fb_built=\u00a0\u00bb1&Prime; specialty=\u00a0\u00bbon\u00a0\u00bb module_class_1=\u00a0\u00bbinner-menu-mobile-column\u00a0\u00bb _builder_version=\u00a0\u00bb4.4.9&Prime; module_alignment=\u00a0\u00bbcenter\u00a0\u00bb inner_module_alignment=\u00a0\u00bbcenter\u00a0\u00bb custom_padding=\u00a0\u00bb25px||||false|false\u00a0\u00bb da_disable_devices=\u00a0\u00bboff|off|off\u00a0\u00bb da_is_popup=\u00a0\u00bboff\u00a0\u00bb da_exit_intent=\u00a0\u00bboff\u00a0\u00bb da_has_close=\u00a0\u00bbon\u00a0\u00bb da_alt_close=\u00a0\u00bboff\u00a0\u00bb da_dark_close=\u00a0\u00bboff\u00a0\u00bb da_not_modal=\u00a0\u00bbon\u00a0\u00bb da_is_singular=\u00a0\u00bboff\u00a0\u00bb da_with_loader=\u00a0\u00bboff\u00a0\u00bb da_has_shadow=\u00a0\u00bbon\u00a0\u00bb][et_pb_column type=\u00a0\u00bb1_4&Prime; _builder_version=\u00a0\u00bb3.25&Prime; custom_padding=\u00a0\u00bb|||\u00a0\u00bb custom_padding__hover=\u00a0\u00bb|||\u00a0\u00bb][dsm_menu menu_id=\u00a0\u00bb13&Prime; menu_link_text_color=\u00a0\u00bb#4e5f6f\u00a0\u00bb menu_space_between=\u00a0\u00bb3px\u00a0\u00bb list_style_color=\u00a0\u00bb#4e5f6f\u00a0\u00bb module_id=\u00a0\u00bbinternal-menu\u00a0\u00bb module_class=\u00a0\u00bbinternal-menu\u00a0\u00bb _builder_version=\u00a0\u00bb4.4.9&Prime; menu_font=\u00a0\u00bbGill Sans MT Bold||||||||\u00a0\u00bb menu_font_size=\u00a0\u00bb17px\u00a0\u00bb custom_margin=\u00a0\u00bb||||false|false\u00a0\u00bb custom_padding=\u00a0\u00bb||||false|false\u00a0\u00bb global_module=\u00a0\u00bb455&Prime; saved_tabs=\u00a0\u00bball\u00a0\u00bb menu_link_text_color__hover_enabled=\u00a0\u00bbon|hover\u00a0\u00bb menu_link_text_color__hover=\u00a0\u00bb#493d6f\u00a0\u00bb][\/dsm_menu][\/et_pb_column][et_pb_column type=\u00a0\u00bb3_4&Prime; specialty_columns=\u00a0\u00bb3&Prime; _builder_version=\u00a0\u00bb3.25&Prime; custom_padding=\u00a0\u00bb|||\u00a0\u00bb custom_padding__hover=\u00a0\u00bb|||\u00a0\u00bb][et_pb_row_inner _builder_version=\u00a0\u00bb4.4.8&Prime; custom_padding=\u00a0\u00bb||||false|false\u00a0\u00bb][et_pb_column_inner saved_specialty_column_type=\u00a0\u00bb2_3&Prime; _builder_version=\u00a0\u00bb4.4.8&Prime;][et_pb_text _builder_version=\u00a0\u00bb4.4.8&Prime; header_text_align=\u00a0\u00bbcenter\u00a0\u00bb header_2_font=\u00a0\u00bbGill Sans MT Bold||||||||\u00a0\u00bb header_2_text_align=\u00a0\u00bbleft\u00a0\u00bb header_2_text_color=\u00a0\u00bb#1b82bd\u00a0\u00bb header_2_font_size=\u00a0\u00bb22px\u00a0\u00bb custom_margin=\u00a0\u00bb||10px||false|false\u00a0\u00bb custom_padding=\u00a0\u00bb||||false|false\u00a0\u00bb]<\/p>\n<h2>Autres raisons de mener enqu\u251c\u00acte<\/h2>\n<p>[\/et_pb_text][et_pb_text _builder_version=\u00a0\u00bb4.4.8&Prime; header_2_font=\u00a0\u00bbGill Sans MT Bold||||||||\u00a0\u00bb header_2_text_color=\u00a0\u00bb#1b82bd\u00a0\u00bb header_2_font_size=\u00a0\u00bb22px\u00a0\u00bb header_3_font=\u00a0\u00bbGill Sans MT Bold||||||||\u00a0\u00bb header_3_text_color=\u00a0\u00bb#1b82bd\u00a0\u00bb header_3_font_size=\u00a0\u00bb18px\u00a0\u00bb custom_margin=\u00a0\u00bb||10px||false|false\u00a0\u00bb custom_padding=\u00a0\u00bb||||false|false\u00a0\u00bb]<\/p>\n<h3>Exposition \u251c\u00e1 la violence familiale<\/h3>\n<p>[\/et_pb_text][et_pb_text _builder_version=\u00a0\u00bb4.4.8&Prime; text_font=\u00a0\u00bbGill Sans MT Regular||||||||\u00a0\u00bb text_font_size=\u00a0\u00bb18px\u00a0\u00bb header_font=\u00a0\u00bbGill Sans MT Regular||||||||\u00a0\u00bb]<\/p>\n<p>L&rsquo;exposition \u251c\u00e1 la violence familiale se produit lorsqu&rsquo;un enfant est directement ou indirectement expos\u251c\u00ae \u251c\u00e1 des pr\u251c\u00aejudices physiques, sexuels, affectifs ou psychologiques entre des partenaires intimes ou \u251c\u00aepoux actuels ou ant\u251c\u00aerieurs. L&rsquo;exposition peut comprendre le fait de voir et d&rsquo;entendre des actes violents, de voir les blessures connexes ou d&rsquo;\u251c\u00actre inform\u251c\u00ae de la violence. <\/p>\n<p>[\/et_pb_text][\/et_pb_column_inner][\/et_pb_row_inner][et_pb_row_inner column_structure=\u00a0\u00bb1_2,1_2&Prime; use_custom_gutter=\u00a0\u00bbon\u00a0\u00bb gutter_width=\u00a0\u00bb2&Prime; _builder_version=\u00a0\u00bb4.4.8&Prime; custom_margin=\u00a0\u00bb||0px||false|false\u00a0\u00bb custom_padding=\u00a0\u00bb0px||0px||false|false\u00a0\u00bb][et_pb_column_inner type=\u00a0\u00bb1_2&Prime; saved_specialty_column_type=\u00a0\u00bb3_4&Prime; _builder_version=\u00a0\u00bb4.4.8&Prime;][et_pb_image src=\u00a0\u00bbhttps:\/\/www.parnipcas.org\/wp-content\/uploads\/2020\/08\/shutterstock_598102475-scaled.jpg\u00a0\u00bb title_text=\u00a0\u00bbshutterstock_598102475&Prime; _builder_version=\u00a0\u00bb4.5.6&Prime; hover_enabled=\u00a0\u00bb0&Prime;][\/et_pb_image][\/et_pb_column_inner][et_pb_column_inner type=\u00a0\u00bb1_2&Prime; saved_specialty_column_type=\u00a0\u00bb3_4&Prime; _builder_version=\u00a0\u00bb4.4.8&Prime;][et_pb_text _builder_version=\u00a0\u00bb4.4.8&Prime; header_2_font=\u00a0\u00bbGill Sans MT Bold||||||||\u00a0\u00bb header_2_text_color=\u00a0\u00bb#1b82bd\u00a0\u00bb header_2_font_size=\u00a0\u00bb22px\u00a0\u00bb header_3_font=\u00a0\u00bbGill Sans MT Bold||||||||\u00a0\u00bb header_3_text_color=\u00a0\u00bb#1b82bd\u00a0\u00bb header_3_font_size=\u00a0\u00bb18px\u00a0\u00bb custom_margin=\u00a0\u00bb||10px||false|false\u00a0\u00bb custom_padding=\u00a0\u00bb||||false|false\u00a0\u00bb]<\/p>\n<h3>Abandon\/s\u251c\u00aeparation<\/h3>\n<p>[\/et_pb_text][et_pb_text _builder_version=\u00a0\u00bb4.4.8&Prime; text_font=\u00a0\u00bbGill Sans MT Regular||||||||\u00a0\u00bb text_font_size=\u00a0\u00bb18px\u00a0\u00bb header_font=\u00a0\u00bbGill Sans MT Regular||||||||\u00a0\u00bb header_4_font=\u00a0\u00bbGill Sans MT Bold||||||||\u00a0\u00bb header_4_text_align=\u00a0\u00bbcenter\u00a0\u00bb header_4_text_color=\u00a0\u00bb#1b2b42&Prime; custom_margin=\u00a0\u00bb0px||0px||false|false\u00a0\u00bb custom_padding=\u00a0\u00bb0px||0px||false|false\u00a0\u00bb]<\/p>\n<p>L&rsquo;abandon ou la s\u251c\u00aeparation se produit lorsqu&rsquo;un enfant a \u251c\u00aet\u251c\u00ae abandonn\u251c\u00ae ou que l&rsquo;un des parents de l&rsquo;enfant est d\u251c\u00aec\u251c\u00aed\u251c\u00ae, ou que l&rsquo;un des parents de l&rsquo;enfant ne peut exercer ses droits de garde et n&rsquo;a pas pris les dispositions n\u251c\u00aecessaires pour le soin et la garde de l&rsquo;enfant. Cela se produit \u251c\u00aegalement lorsqu&rsquo;un enfant fait l&rsquo;objet d&rsquo;un placement hors du domicile familial et que le parent refuse de reprendre le soin et la garde de l&rsquo;enfant ou en est incapable. <\/p>\n<p>[\/et_pb_text][\/et_pb_column_inner][\/et_pb_row_inner][et_pb_row_inner _builder_version=\u00a0\u00bb4.4.8&Prime;][et_pb_column_inner saved_specialty_column_type=\u00a0\u00bb3_4&Prime; _builder_version=\u00a0\u00bb4.4.8&Prime;][et_pb_text _builder_version=\u00a0\u00bb4.4.8&Prime; header_2_font=\u00a0\u00bbGill Sans MT Bold||||||||\u00a0\u00bb header_2_text_color=\u00a0\u00bb#1b82bd\u00a0\u00bb header_2_font_size=\u00a0\u00bb22px\u00a0\u00bb header_3_font=\u00a0\u00bbGill Sans MT Bold||||||||\u00a0\u00bb header_3_text_color=\u00a0\u00bb#1b82bd\u00a0\u00bb header_3_font_size=\u00a0\u00bb18px\u00a0\u00bb custom_margin=\u00a0\u00bb||10px||false|false\u00a0\u00bb custom_padding=\u00a0\u00bb||||false|false\u00a0\u00bb]<\/p>\n<h3>Capacit\u251c\u00ae du gardien<\/h3>\n<p>[\/et_pb_text][et_pb_text _builder_version=\u00a0\u00bb4.4.8&Prime; text_font=\u00a0\u00bbGill Sans MT Regular||||||||\u00a0\u00bb text_font_size=\u00a0\u00bb18px\u00a0\u00bb header_font=\u00a0\u00bbGill Sans MT Regular||||||||\u00a0\u00bb header_4_font=\u00a0\u00bbGill Sans MT Bold||||||||\u00a0\u00bb header_4_text_align=\u00a0\u00bbcenter\u00a0\u00bb header_4_text_color=\u00a0\u00bb#1b2b42&Prime; custom_margin=\u00a0\u00bb0px||0px||false|false\u00a0\u00bb custom_padding=\u00a0\u00bb0px||0px||false|false\u00a0\u00bb]<\/p>\n<p>La capacit\u251c\u00ae du gardien peut \u251c\u00actre mise en question si un gardien fait preuve, ou a fait preuve dans le pass\u251c\u00ae, de caract\u251c\u00aeristiques qui indiquent que l&rsquo;enfant pourrait \u251c\u00actre victime de violence sans intervention. Ces caract\u251c\u00aeristiques peuvent comprendre des ant\u251c\u00aec\u251c\u00aedents de mauvais traitements ou de n\u251c\u00aegligence d&rsquo;un enfant, d&rsquo;incapacit\u251c\u00ae de prot\u251c\u00aeger un enfant contre les pr\u251c\u00aejudices, de probl\u251c\u00bfmes comme la consommation de drogues ou d&rsquo;alcool, de probl\u251c\u00bfmes de sant\u251c\u00ae mentale ou de capacit\u251c\u00aes de garde limit\u251c\u00aees. <\/p>\n<p>[\/et_pb_text][\/et_pb_column_inner][\/et_pb_row_inner][\/et_pb_column][\/et_pb_section]<\/p>\n","protected":false},"excerpt":{"rendered":"<p>Protection de l\u00d4\u00c7\u00d6enfance<div id=\"internal-menu\" class=\"et_pb_module dsm_menu dsm_menu_0 internal-menu  et_pb_text_align_left et_pb_bg_layout_light\">\n\t\t\t\t\n\t\t\t\t\n\t\t\t\t\n\t\t\t\t\n\t\t\t\t\n\t\t\t\t\n\t\t\t\t<div class=\"et_pb_module_inner\">\n\t\t\t\t\t<nav class=\"dsm-menu-container\" role=\"navigation\" itemscope itemtype=\"http:\/\/schema.org\/SiteNavigationElement\"><ul id=\"menu-child-protection-inner-menu-french\" class=\"dsm-menu dsm-menu-style-type-disc dsm-menu-layout-vertical\"><li id=\"menu-item-7233\" class=\"et_pb_menu_page_id-7225 menu-item menu-item-type-post_type menu-item-object-page menu-item-7233\"><a href=\"https:\/\/www.parnipcas.org\/fr\/protection-de-lenfance\/\" itemprop=\"url\"><span itemprop=\"name\">Protection de l\u00d4\u00c7\u00d6enfance<\/span><\/a><\/li>\n<li id=\"menu-item-8062\" class=\"et_pb_menu_page_id-8051 menu-item menu-item-type-post_type menu-item-object-page menu-item-8062\"><a href=\"https:\/\/www.parnipcas.org\/fr\/protection-de-lenfance\/signes-de-mauvais-traitements-et-de-negligence-a-legard-des-enfants\/\" itemprop=\"url\"><span itemprop=\"name\">Signes de mauvais traitements et de n\u251c\u00aegligence \u251c\u00e1 l&rsquo;\u251c\u00aegard des enfants<\/span><\/a><\/li>\n<li id=\"menu-item-8149\" class=\"et_pb_menu_page_id-8066 menu-item menu-item-type-post_type menu-item-object-page menu-item-8149\"><a href=\"https:\/\/www.parnipcas.org\/fr\/protection-de-lenfance\/autres-raisons-de-mener-enquete\/\" itemprop=\"url\"><span itemprop=\"name\">Autres raisons de mener enqu\u251c\u00acte<\/span><\/a><\/li>\n<li id=\"menu-item-8586\" class=\"et_pb_menu_page_id-8568 menu-item menu-item-type-post_type menu-item-object-page menu-item-8586\"><a href=\"https:\/\/www.parnipcas.org\/fr\/protection-de-lenfance\/loi-sur-les-services-a-lenfance-a-la-jeunesse-et-a-la-famille\/\" itemprop=\"url\"><span itemprop=\"name\">Loi sur les services \u251c\u00e1 l\u00d4\u00c7\u00d6enfance, \u251c\u00e1 la jeunesse et \u251c\u00e1 la famille<\/span><\/a><\/li>\n<li id=\"menu-item-8150\" class=\"et_pb_menu_page_id-8079 menu-item menu-item-type-post_type menu-item-object-page menu-item-8150\"><a href=\"https:\/\/www.parnipcas.org\/fr\/protection-de-lenfance\/lage-de-la-protection\/\" itemprop=\"url\"><span itemprop=\"name\">L&rsquo;\u251c\u00f3ge de la protection<\/span><\/a><\/li>\n<li id=\"menu-item-8173\" class=\"et_pb_menu_page_id-8154 menu-item menu-item-type-post_type menu-item-object-page menu-item-8173\"><a href=\"https:\/\/www.parnipcas.org\/fr\/protection-de-lenfance\/programmes-de-protection\/\" itemprop=\"url\"><span itemprop=\"name\">Programmes de protection<\/span><\/a><\/li>\n<li id=\"menu-item-8174\" class=\"et_pb_menu_page_id-8161 menu-item menu-item-type-post_type menu-item-object-page menu-item-8174\"><a href=\"https:\/\/www.parnipcas.org\/fr\/protection-de-lenfance\/faq\/\" itemprop=\"url\"><span itemprop=\"name\">FAQ<\/span><\/a><\/li>\n<\/ul><\/nav>\n\t\t\t\t<\/div>\n\t\t\t<\/div>Autres raisons de mener enqu\u251c\u00acteExposition \u251c\u00e1 la violence familialeL&rsquo;exposition \u251c\u00e1 la violence familiale se produit lorsqu&rsquo;un enfant est directement ou indirectement expos\u251c\u00ae \u251c\u00e1 des pr\u251c\u00aejudices physiques, sexuels, affectifs ou psychologiques entre des partenaires intimes ou [&hellip;]<\/p>\n","protected":false},"author":6,"featured_media":0,"parent":7225,"menu_order":0,"comment_status":"closed","ping_status":"closed","template":"","meta":{"_et_pb_use_builder":"on","_et_pb_old_content":"","_et_gb_content_width":"","footnotes":""},"class_list":["post-8066","page","type-page","status-publish","hentry"],"yoast_head":"<!-- This site is optimized with the Yoast SEO plugin v27.4 - https:\/\/yoast.com\/product\/yoast-seo-wordpress\/ -->\n<title>Autres raisons de mener enqu\u251c\u00acte - Children&#039;s Aid Society<\/title>\n<meta name=\"robots\" content=\"index, follow, max-snippet:-1, max-image-preview:large, max-video-preview:-1\" \/>\n<link rel=\"canonical\" href=\"https:\/\/www.parnipcas.org\/fr\/protection-de-lenfance\/autres-raisons-de-mener-enquete\/\" \/>\n<meta property=\"og:locale\" content=\"fr_FR\" \/>\n<meta property=\"og:type\" content=\"article\" \/>\n<meta property=\"og:title\" content=\"Autres raisons de mener enqu\u251c\u00acte - Children&#039;s Aid Society\" \/>\n<meta property=\"og:description\" content=\"Protection de l\u00d4\u00c7\u00d6enfanceAutres raisons de mener enqu\u251c\u00acteExposition \u251c\u00e1 la violence familialeL&#039;exposition \u251c\u00e1 la violence familiale se produit lorsqu&#039;un enfant est directement ou indirectement expos\u251c\u00ae \u251c\u00e1 des pr\u251c\u00aejudices physiques, sexuels, affectifs ou psychologiques entre des partenaires intimes ou [&hellip;]\" \/>\n<meta property=\"og:url\" content=\"https:\/\/www.parnipcas.org\/fr\/protection-de-lenfance\/autres-raisons-de-mener-enquete\/\" \/>\n<meta property=\"og:site_name\" content=\"Children&#039;s Aid Society\" \/>\n<meta name=\"twitter:card\" content=\"summary_large_image\" \/>\n<meta name=\"twitter:label1\" content=\"Dur\u00e9e de lecture estim\u00e9e\" \/>\n\t<meta name=\"twitter:data1\" content=\"5 minutes\" \/>\n<script type=\"application\/ld+json\" class=\"yoast-schema-graph\">{\"@context\":\"https:\\\/\\\/schema.org\",\"@graph\":[{\"@type\":\"WebPage\",\"@id\":\"https:\\\/\\\/www.parnipcas.org\\\/fr\\\/protection-de-lenfance\\\/autres-raisons-de-mener-enquete\\\/\",\"url\":\"https:\\\/\\\/www.parnipcas.org\\\/fr\\\/protection-de-lenfance\\\/autres-raisons-de-mener-enquete\\\/\",\"name\":\"Autres raisons de mener enqu\u251c\u00acte - Children&#039;s Aid Society\",\"isPartOf\":{\"@id\":\"https:\\\/\\\/www.parnipcas.org\\\/#website\"},\"datePublished\":\"2020-08-11T18:32:48+00:00\",\"breadcrumb\":{\"@id\":\"https:\\\/\\\/www.parnipcas.org\\\/fr\\\/protection-de-lenfance\\\/autres-raisons-de-mener-enquete\\\/#breadcrumb\"},\"inLanguage\":\"fr-FR\",\"potentialAction\":[{\"@type\":\"ReadAction\",\"target\":[\"https:\\\/\\\/www.parnipcas.org\\\/fr\\\/protection-de-lenfance\\\/autres-raisons-de-mener-enquete\\\/\"]}]},{\"@type\":\"BreadcrumbList\",\"@id\":\"https:\\\/\\\/www.parnipcas.org\\\/fr\\\/protection-de-lenfance\\\/autres-raisons-de-mener-enquete\\\/#breadcrumb\",\"itemListElement\":[{\"@type\":\"ListItem\",\"position\":1,\"name\":\"Home\",\"item\":\"https:\\\/\\\/www.parnipcas.org\\\/fr\\\/\"},{\"@type\":\"ListItem\",\"position\":2,\"name\":\"Protection de l\u00d4\u00c7\u00d6enfance\",\"item\":\"https:\\\/\\\/www.parnipcas.org\\\/fr\\\/protection-de-lenfance\\\/\"},{\"@type\":\"ListItem\",\"position\":3,\"name\":\"Autres raisons de mener enqu\u251c\u00acte\"}]},{\"@type\":\"WebSite\",\"@id\":\"https:\\\/\\\/www.parnipcas.org\\\/#website\",\"url\":\"https:\\\/\\\/www.parnipcas.org\\\/\",\"name\":\"Children&#039;s Aid Society\",\"description\":\"Nipissing &amp; Parry Sound District\",\"potentialAction\":[{\"@type\":\"SearchAction\",\"target\":{\"@type\":\"EntryPoint\",\"urlTemplate\":\"https:\\\/\\\/www.parnipcas.org\\\/?s={search_term_string}\"},\"query-input\":{\"@type\":\"PropertyValueSpecification\",\"valueRequired\":true,\"valueName\":\"search_term_string\"}}],\"inLanguage\":\"fr-FR\"}]}<\/script>\n<!-- \/ Yoast SEO plugin. -->","yoast_head_json":{"title":"Autres raisons de mener enqu\u251c\u00acte - Children&#039;s Aid Society","robots":{"index":"index","follow":"follow","max-snippet":"max-snippet:-1","max-image-preview":"max-image-preview:large","max-video-preview":"max-video-preview:-1"},"canonical":"https:\/\/www.parnipcas.org\/fr\/protection-de-lenfance\/autres-raisons-de-mener-enquete\/","og_locale":"fr_FR","og_type":"article","og_title":"Autres raisons de mener enqu\u251c\u00acte - Children&#039;s Aid Society","og_description":"Protection de l\u00d4\u00c7\u00d6enfanceAutres raisons de mener enqu\u251c\u00acteExposition \u251c\u00e1 la violence familialeL'exposition \u251c\u00e1 la violence familiale se produit lorsqu'un enfant est directement ou indirectement expos\u251c\u00ae \u251c\u00e1 des pr\u251c\u00aejudices physiques, sexuels, affectifs ou psychologiques entre des partenaires intimes ou [&hellip;]","og_url":"https:\/\/www.parnipcas.org\/fr\/protection-de-lenfance\/autres-raisons-de-mener-enquete\/","og_site_name":"Children&#039;s Aid Society","twitter_card":"summary_large_image","twitter_misc":{"Dur\u00e9e de lecture estim\u00e9e":"5 minutes"},"schema":{"@context":"https:\/\/schema.org","@graph":[{"@type":"WebPage","@id":"https:\/\/www.parnipcas.org\/fr\/protection-de-lenfance\/autres-raisons-de-mener-enquete\/","url":"https:\/\/www.parnipcas.org\/fr\/protection-de-lenfance\/autres-raisons-de-mener-enquete\/","name":"Autres raisons de mener enqu\u251c\u00acte - Children&#039;s Aid Society","isPartOf":{"@id":"https:\/\/www.parnipcas.org\/#website"},"datePublished":"2020-08-11T18:32:48+00:00","breadcrumb":{"@id":"https:\/\/www.parnipcas.org\/fr\/protection-de-lenfance\/autres-raisons-de-mener-enquete\/#breadcrumb"},"inLanguage":"fr-FR","potentialAction":[{"@type":"ReadAction","target":["https:\/\/www.parnipcas.org\/fr\/protection-de-lenfance\/autres-raisons-de-mener-enquete\/"]}]},{"@type":"BreadcrumbList","@id":"https:\/\/www.parnipcas.org\/fr\/protection-de-lenfance\/autres-raisons-de-mener-enquete\/#breadcrumb","itemListElement":[{"@type":"ListItem","position":1,"name":"Home","item":"https:\/\/www.parnipcas.org\/fr\/"},{"@type":"ListItem","position":2,"name":"Protection de l\u00d4\u00c7\u00d6enfance","item":"https:\/\/www.parnipcas.org\/fr\/protection-de-lenfance\/"},{"@type":"ListItem","position":3,"name":"Autres raisons de mener enqu\u251c\u00acte"}]},{"@type":"WebSite","@id":"https:\/\/www.parnipcas.org\/#website","url":"https:\/\/www.parnipcas.org\/","name":"Children&#039;s Aid Society","description":"Nipissing &amp; Parry Sound District","potentialAction":[{"@type":"SearchAction","target":{"@type":"EntryPoint","urlTemplate":"https:\/\/www.parnipcas.org\/?s={search_term_string}"},"query-input":{"@type":"PropertyValueSpecification","valueRequired":true,"valueName":"search_term_string"}}],"inLanguage":"fr-FR"}]}},"_links":{"self":[{"href":"https:\/\/www.parnipcas.org\/fr\/wp-json\/wp\/v2\/pages\/8066","targetHints":{"allow":["GET"]}}],"collection":[{"href":"https:\/\/www.parnipcas.org\/fr\/wp-json\/wp\/v2\/pages"}],"about":[{"href":"https:\/\/www.parnipcas.org\/fr\/wp-json\/wp\/v2\/types\/page"}],"author":[{"embeddable":true,"href":"https:\/\/www.parnipcas.org\/fr\/wp-json\/wp\/v2\/users\/6"}],"replies":[{"embeddable":true,"href":"https:\/\/www.parnipcas.org\/fr\/wp-json\/wp\/v2\/comments?post=8066"}],"version-history":[{"count":2,"href":"https:\/\/www.parnipcas.org\/fr\/wp-json\/wp\/v2\/pages\/8066\/revisions"}],"predecessor-version":[{"id":8068,"href":"https:\/\/www.parnipcas.org\/fr\/wp-json\/wp\/v2\/pages\/8066\/revisions\/8068"}],"up":[{"embeddable":true,"href":"https:\/\/www.parnipcas.org\/fr\/wp-json\/wp\/v2\/pages\/7225"}],"wp:attachment":[{"href":"https:\/\/www.parnipcas.org\/fr\/wp-json\/wp\/v2\/media?parent=8066"}],"curies":[{"name":"wp","href":"https:\/\/api.w.org\/{rel}","templated":true}]}}