{"id":8689,"date":"2020-08-17T15:42:50","date_gmt":"2020-08-17T19:42:50","guid":{"rendered":"https:\/\/www.parnipcas.org\/verite-et-reconciliation\/devolution-designation\/"},"modified":"2021-04-19T07:28:20","modified_gmt":"2021-04-19T11:28:20","slug":"devolution-designation","status":"publish","type":"page","link":"https:\/\/www.parnipcas.org\/fr\/verite-et-reconciliation\/devolution-designation\/","title":{"rendered":"D\u251c\u00aevolution \/ d\u251c\u00aesignation"},"content":{"rendered":"<p>[et_pb_section fb_built=\u00a0\u00bb1&Prime; _builder_version=\u00a0\u00bb4.5.6&Prime; background_color=\u00a0\u00bb#1b2b42&Prime; use_background_color_gradient=\u00a0\u00bbon\u00a0\u00bb background_color_gradient_start=\u00a0\u00bbrgba(27,43,66,0.87)\u00a0\u00bb background_color_gradient_end=\u00a0\u00bbrgba(0,39,94,0.93)\u00a0\u00bb background_color_gradient_overlays_image=\u00a0\u00bbon\u00a0\u00bb background_image=\u00a0\u00bbhttps:\/\/www.parnipcas.org\/wp-content\/uploads\/2020\/08\/Header-TR-scaled-e1597164354379.jpg\u00a0\u00bb background_position=\u00a0\u00bbbottom_center\u00a0\u00bb custom_padding=\u00a0\u00bb||||true|false\u00a0\u00bb da_disable_devices=\u00a0\u00bboff|off|off\u00a0\u00bb saved_tabs=\u00a0\u00bball\u00a0\u00bb da_is_popup=\u00a0\u00bboff\u00a0\u00bb da_exit_intent=\u00a0\u00bboff\u00a0\u00bb da_has_close=\u00a0\u00bbon\u00a0\u00bb da_alt_close=\u00a0\u00bboff\u00a0\u00bb da_dark_close=\u00a0\u00bboff\u00a0\u00bb da_not_modal=\u00a0\u00bbon\u00a0\u00bb da_is_singular=\u00a0\u00bboff\u00a0\u00bb da_with_loader=\u00a0\u00bboff\u00a0\u00bb da_has_shadow=\u00a0\u00bbon\u00a0\u00bb][et_pb_row _builder_version=\u00a0\u00bb4.4.9&Prime;][et_pb_column type=\u00a0\u00bb4_4&Prime; _builder_version=\u00a0\u00bb4.4.8&Prime;][et_pb_text _builder_version=\u00a0\u00bb4.4.9&Prime; header_font=\u00a0\u00bbGill Sans MT Bold||||||||\u00a0\u00bb header_text_align=\u00a0\u00bbcenter\u00a0\u00bb header_text_color=\u00a0\u00bb#ffffff\u00a0\u00bb header_font_size=\u00a0\u00bb60px\u00a0\u00bb header_font_size_tablet=\u00a0\u00bb\u00a0\u00bb header_font_size_phone=\u00a0\u00bb38px\u00a0\u00bb header_font_size_last_edited=\u00a0\u00bbon|phone\u00a0\u00bb locked=\u00a0\u00bboff\u00a0\u00bb]<\/p>\n<h1>V\u251c\u00aerit\u251c\u00ae et r\u251c\u00aeconciliation<\/h1>\n<p>[\/et_pb_text][\/et_pb_column][\/et_pb_row][\/et_pb_section][et_pb_section fb_built=\u00a0\u00bb1&Prime; specialty=\u00a0\u00bbon\u00a0\u00bb module_class_1=\u00a0\u00bbinner-menu-mobile-column\u00a0\u00bb _builder_version=\u00a0\u00bb4.4.9&Prime; module_alignment=\u00a0\u00bbcenter\u00a0\u00bb inner_module_alignment=\u00a0\u00bbcenter\u00a0\u00bb custom_padding=\u00a0\u00bb25px||||false|false\u00a0\u00bb da_disable_devices=\u00a0\u00bboff|off|off\u00a0\u00bb da_is_popup=\u00a0\u00bboff\u00a0\u00bb da_exit_intent=\u00a0\u00bboff\u00a0\u00bb da_has_close=\u00a0\u00bbon\u00a0\u00bb da_alt_close=\u00a0\u00bboff\u00a0\u00bb da_dark_close=\u00a0\u00bboff\u00a0\u00bb da_not_modal=\u00a0\u00bbon\u00a0\u00bb da_is_singular=\u00a0\u00bboff\u00a0\u00bb da_with_loader=\u00a0\u00bboff\u00a0\u00bb da_has_shadow=\u00a0\u00bbon\u00a0\u00bb][et_pb_column type=\u00a0\u00bb1_4&Prime; _builder_version=\u00a0\u00bb3.25&Prime; custom_padding=\u00a0\u00bb|||\u00a0\u00bb custom_padding__hover=\u00a0\u00bb|||\u00a0\u00bb][dsm_menu menu_id=\u00a0\u00bb27&Prime; menu_link_text_color=\u00a0\u00bb#4e5f6f\u00a0\u00bb menu_space_between=\u00a0\u00bb3px\u00a0\u00bb list_style_color=\u00a0\u00bb#4e5f6f\u00a0\u00bb module_id=\u00a0\u00bbinternal-menu\u00a0\u00bb module_class=\u00a0\u00bbinternal-menu\u00a0\u00bb _builder_version=\u00a0\u00bb4.4.9&Prime; menu_font=\u00a0\u00bbGill Sans MT Bold||||||||\u00a0\u00bb menu_font_size=\u00a0\u00bb17px\u00a0\u00bb custom_margin=\u00a0\u00bb||||false|false\u00a0\u00bb custom_padding=\u00a0\u00bb||||false|false\u00a0\u00bb saved_tabs=\u00a0\u00bball\u00a0\u00bb menu_link_text_color__hover_enabled=\u00a0\u00bbon|hover\u00a0\u00bb menu_link_text_color__hover=\u00a0\u00bb#493d6f\u00a0\u00bb][\/dsm_menu][\/et_pb_column][et_pb_column type=\u00a0\u00bb3_4&Prime; specialty_columns=\u00a0\u00bb3&Prime; _builder_version=\u00a0\u00bb3.25&Prime; custom_padding=\u00a0\u00bb|||\u00a0\u00bb custom_padding__hover=\u00a0\u00bb|||\u00a0\u00bb][et_pb_row_inner _builder_version=\u00a0\u00bb4.4.8&Prime; custom_padding=\u00a0\u00bb||0px||false|false\u00a0\u00bb][et_pb_column_inner saved_specialty_column_type=\u00a0\u00bb2_3&Prime; _builder_version=\u00a0\u00bb4.4.8&Prime;][et_pb_text _builder_version=\u00a0\u00bb4.7.7&Prime; header_text_align=\u00a0\u00bbcenter\u00a0\u00bb header_2_font=\u00a0\u00bbGill Sans MT Bold||||||||\u00a0\u00bb header_2_text_align=\u00a0\u00bbleft\u00a0\u00bb header_2_text_color=\u00a0\u00bb#1b82bd\u00a0\u00bb header_2_font_size=\u00a0\u00bb22px\u00a0\u00bb custom_margin=\u00a0\u00bb||10px||false|false\u00a0\u00bb custom_padding=\u00a0\u00bb||||false|false\u00a0\u00bb hover_enabled=\u00a0\u00bb0&Prime; sticky_enabled=\u00a0\u00bb0&Prime;]<\/p>\n<h2>Niijaansinaanik Child and Family Services<\/h2>\n<p>[\/et_pb_text][et_pb_text _builder_version=\u00a0\u00bb4.4.9&Prime; text_font=\u00a0\u00bbGill Sans MT Regular||||||||\u00a0\u00bb text_font_size=\u00a0\u00bb18px\u00a0\u00bb header_font=\u00a0\u00bbGill Sans MT Regular||||||||\u00a0\u00bb locked=\u00a0\u00bboff\u00a0\u00bb]<\/p>\n<p>En avril 2021, Niijaansinaanik Child and Family Services recevra sa d\u251c\u00aesignation du gouvernement de l\u00d4\u00c7\u00d6Ontario \u251c\u00e1 titre de fournisseur de services de protection de l\u00d4\u00c7\u00d6enfance au sens de la Loi sur les services \u251c\u00e1 l\u00d4\u00c7\u00d6enfance, \u251c\u00e1 la jeunesse et \u251c\u00e1 la famille.<\/p>\n<p>Niijaansinaanik Child and Family Services est un organisme culturel qui s\u00d4\u00c7\u00d6emploie \u251c\u00e1 r\u251c\u00aepondre \u251c\u00e1 l\u00d4\u00c7\u00d6ensemble des besoins des enfants, des jeunes et des familles autochtones. Ses services sont ancr\u251c\u00aes dans les valeurs, les croyances et les principes fondamentaux autochtones. <\/p>\n<p>[\/et_pb_text][et_pb_text _builder_version=\u00a0\u00bb4.4.9&Prime; text_font=\u00a0\u00bbGill Sans MT Regular||||||||\u00a0\u00bb text_font_size=\u00a0\u00bb18px\u00a0\u00bb header_font=\u00a0\u00bbGill Sans MT Regular||||||||\u00a0\u00bb locked=\u00a0\u00bboff\u00a0\u00bb]<\/p>\n<p>La Soci\u251c\u00aet\u251c\u00ae d\u00d4\u00c7\u00d6aide \u251c\u00e1 l\u00d4\u00c7\u00d6enfance du district de Nipissing et Parry Sound et Niijaansinaanik travaillent en collaboration pour assurer le transfert graduel des dossiers d\u00d4\u00c7\u00d6enfants et de jeunes des communaut\u251c\u00aes suivantes :<\/p>\n<p>[\/et_pb_text][\/et_pb_column_inner][\/et_pb_row_inner][et_pb_row_inner column_structure=\u00a0\u00bb1_2,1_2&Prime; use_custom_gutter=\u00a0\u00bbon\u00a0\u00bb gutter_width=\u00a0\u00bb2&Prime; _builder_version=\u00a0\u00bb4.4.9&Prime; custom_margin=\u00a0\u00bb||||false|false\u00a0\u00bb custom_padding=\u00a0\u00bb||10px||false|false\u00a0\u00bb locked=\u00a0\u00bboff\u00a0\u00bb][et_pb_column_inner type=\u00a0\u00bb1_2&Prime; saved_specialty_column_type=\u00a0\u00bb3_4&Prime; _builder_version=\u00a0\u00bb4.4.8&Prime;][et_pb_text _builder_version=\u00a0\u00bb4.4.9&Prime; text_font=\u00a0\u00bbGill Sans MT Regular||||||||\u00a0\u00bb text_font_size=\u00a0\u00bb18px\u00a0\u00bb header_font=\u00a0\u00bbGill Sans MT Regular||||||||\u00a0\u00bb]<\/p>\n<ul>\n<li>Premi\u251c\u00bfre Nation Wasauksing<\/li>\n<li>Premi\u251c\u00bfre Nation Shawanaga<\/li>\n<li>Premi\u251c\u00bfre Nation Magnetawan<\/li>\n<\/ul>\n<p>[\/et_pb_text][\/et_pb_column_inner][et_pb_column_inner type=\u00a0\u00bb1_2&Prime; saved_specialty_column_type=\u00a0\u00bb3_4&Prime; _builder_version=\u00a0\u00bb4.4.8&Prime;][et_pb_text _builder_version=\u00a0\u00bb4.4.9&Prime; text_font=\u00a0\u00bbGill Sans MT Regular||||||||\u00a0\u00bb text_font_size=\u00a0\u00bb18px\u00a0\u00bb header_font=\u00a0\u00bbGill Sans MT Regular||||||||\u00a0\u00bb]<\/p>\n<ul>\n<li>Premi\u251c\u00bfre Nation Henvey Inlet<\/li>\n<li>Premi\u251c\u00bfre Nation Dokis<\/li>\n<li>Premi\u251c\u00bfre Nation Wahnapitae<\/li>\n<\/ul>\n<p>[\/et_pb_text][\/et_pb_column_inner][\/et_pb_row_inner][et_pb_row_inner use_custom_gutter=\u00a0\u00bbon\u00a0\u00bb gutter_width=\u00a0\u00bb2&Prime; _builder_version=\u00a0\u00bb4.4.9&Prime; custom_margin=\u00a0\u00bb0px||||false|false\u00a0\u00bb custom_padding=\u00a0\u00bb0px||10px||false|false\u00a0\u00bb locked=\u00a0\u00bboff\u00a0\u00bb][et_pb_column_inner saved_specialty_column_type=\u00a0\u00bb3_4&Prime; _builder_version=\u00a0\u00bb4.4.8&Prime;][et_pb_text _builder_version=\u00a0\u00bb4.4.9&Prime; text_font=\u00a0\u00bbGill Sans MT Regular||||||||\u00a0\u00bb text_font_size=\u00a0\u00bb18px\u00a0\u00bb header_font=\u00a0\u00bbGill Sans MT Regular||||||||\u00a0\u00bb]<\/p>\n<p>Si vous ou votre enfant vous identifiez comme membre d\u00d4\u00c7\u00d6une Premi\u251c\u00bfre Nation, Inuit ou personne ayant des origines autochtones, nous vous mettrons en communication avec Niijaansinaanik Child and Family Services.<\/p>\n<p>[\/et_pb_text][et_pb_text _builder_version=\u00a0\u00bb4.7.7&Prime; text_font=\u00a0\u00bbGill Sans MT Regular||||||||\u00a0\u00bb text_text_color=\u00a0\u00bb#1b2b42&Prime; text_font_size=\u00a0\u00bb18px\u00a0\u00bb header_font=\u00a0\u00bbGill Sans MT Regular||||||||\u00a0\u00bb hover_enabled=\u00a0\u00bb0&Prime; sticky_enabled=\u00a0\u00bb0&Prime;]<\/p>\n<p>Vous pouvez obtenir plus de renseignements au sujet de Niijaansinaanik en consultant son site Web, <a href=\"https:\/\/niijcfs.com\">niijcfs.com (en anglais}<\/a>, ou en composant le <a href=\"705-763-2200\">(855) 223-5558<\/a><\/p>\n<p>[\/et_pb_text][\/et_pb_column_inner][\/et_pb_row_inner][et_pb_row_inner _builder_version=\u00a0\u00bb4.4.8&Prime; custom_padding=\u00a0\u00bb||0px||false|false\u00a0\u00bb locked=\u00a0\u00bboff\u00a0\u00bb][et_pb_column_inner saved_specialty_column_type=\u00a0\u00bb3_4&Prime; _builder_version=\u00a0\u00bb4.4.8&Prime;][et_pb_text _builder_version=\u00a0\u00bb4.4.9&Prime; header_text_align=\u00a0\u00bbcenter\u00a0\u00bb header_2_font=\u00a0\u00bbGill Sans MT Bold||||||||\u00a0\u00bb header_2_text_align=\u00a0\u00bbleft\u00a0\u00bb header_2_text_color=\u00a0\u00bb#1b82bd\u00a0\u00bb header_2_font_size=\u00a0\u00bb22px\u00a0\u00bb custom_margin=\u00a0\u00bb||10px||false|false\u00a0\u00bb custom_padding=\u00a0\u00bb||||false|false\u00a0\u00bb]<\/p>\n<h2>\u251c\u00c7 propos de Niijaansinaanik<\/h2>\n<p>[\/et_pb_text][et_pb_text _builder_version=\u00a0\u00bb4.4.9&Prime; text_font=\u00a0\u00bbGill Sans MT Regular||||||||\u00a0\u00bb text_font_size=\u00a0\u00bb18px\u00a0\u00bb header_font=\u00a0\u00bbGill Sans MT Regular||||||||\u00a0\u00bb locked=\u00a0\u00bboff\u00a0\u00bb]<\/p>\n<p> \u252c\u00bd Niijaansinaanik Child and Family Services est un organisme culturel qui s\u00d4\u00c7\u00d6emploie \u251c\u00e1 r\u251c\u00aepondre \u251c\u00e1 l\u00d4\u00c7\u00d6ensemble des besoins des enfants, des jeunes et des familles autochtones. Ses services sont ancr\u251c\u00aes dans les valeurs, les croyances et les principes fondamentaux de la culture anichinab\u251c\u00aee. Nous croyons que les enfants et les jeunes sont la responsabilit\u251c\u00ae de toute la communaut\u251c\u00ae. Nous travaillons dans le moment pr\u251c\u00aesent, mais sans oublier l\u00d4\u00c7\u00d6histoire qui a marqu\u251c\u00ae notre peuple dans ses relations et les influences ext\u251c\u00aerieures. Nous nous engageons \u251c\u00e1 b\u251c\u00f3tir un avenir sain et prosp\u251c\u00bfre pour nos enfants, nos jeunes, nos familles et nos communaut\u251c\u00aes.   <\/p>\n<p>[\/et_pb_text][\/et_pb_column_inner][\/et_pb_row_inner][et_pb_row_inner column_structure=\u00a0\u00bb1_2,1_2&Prime; use_custom_gutter=\u00a0\u00bbon\u00a0\u00bb gutter_width=\u00a0\u00bb2&Prime; _builder_version=\u00a0\u00bb4.4.9&Prime; custom_margin=\u00a0\u00bb||||false|false\u00a0\u00bb custom_padding=\u00a0\u00bb||10px||false|false\u00a0\u00bb locked=\u00a0\u00bboff\u00a0\u00bb][et_pb_column_inner type=\u00a0\u00bb1_2&Prime; saved_specialty_column_type=\u00a0\u00bb3_4&Prime; _builder_version=\u00a0\u00bb4.4.8&Prime;][et_pb_image src=\u00a0\u00bbhttps:\/\/www.parnipcas.org\/wp-content\/uploads\/2020\/07\/NCFS-logo-web.png\u00a0\u00bb alt=\u00a0\u00bbNiijaansinaanik Child and Family Services\u00a0\u00bb title_text=\u00a0\u00bbNCFS Logo\u00a0\u00bb url=\u00a0\u00bbhttps:\/\/niijcfs.com\/\u00a0\u00bb url_new_window=\u00a0\u00bbon\u00a0\u00bb align=\u00a0\u00bbcenter\u00a0\u00bb _builder_version=\u00a0\u00bb4.5.6&Prime; background_color=\u00a0\u00bb#ae291f\u00a0\u00bb custom_padding=\u00a0\u00bb15px|10px|15px|10px|true|true\u00a0\u00bb][\/et_pb_image][\/et_pb_column_inner][et_pb_column_inner type=\u00a0\u00bb1_2&Prime; saved_specialty_column_type=\u00a0\u00bb3_4&Prime; _builder_version=\u00a0\u00bb4.4.8&Prime;][et_pb_text _builder_version=\u00a0\u00bb4.4.9&Prime; text_font=\u00a0\u00bbGill Sans MT Regular||||||||\u00a0\u00bb text_font_size=\u00a0\u00bb18px\u00a0\u00bb header_font=\u00a0\u00bbGill Sans MT Regular||||||||\u00a0\u00bb]<\/p>\n<p><span>Nos services de protection, de pr\u251c\u00aevention, de revendication, de soins et de soutien culturel se fondent sur la culture autochtone. Nous appuyons les familles, les b\u251c\u00aeb\u251c\u00aes, les enfants et les jeunes qui subissent de la violence ou qui sont \u251c\u00e1 risque d\u00d4\u00c7\u00d6en \u251c\u00actre victimes. Nos valeurs fondamentales sont le maintien de la culture et de la langue qui nous enseignent \u251c\u00e1 mener notre vie sous le principe  <\/span><em>Mino Bimaadiziwin : une bonne vie<\/em><span>.  <\/span><em>Mino Bimaadiziwin<\/em><span> : une bonne vie. Ce principe guide nos services \u251c\u00e1 l\u00d4\u00c7\u00d6enfance culturellement adapt\u251c\u00aes. Les autres piliers de nos activit\u251c\u00aes sont la diversit\u251c\u00ae, le respect des anciens, le syst\u251c\u00bfme de clans et la responsabilit\u251c\u00ae, les pratiques culturelles r\u251c\u00aeparatrices et les Sept enseignements des grands-p\u251c\u00bfres. \u252c\u2557 <\/span><\/p>\n<p>[\/et_pb_text][et_pb_button button_url=\u00a0\u00bbhttps:\/\/niijcfs.com\/\u00a0\u00bb url_new_window=\u00a0\u00bbon\u00a0\u00bb button_text=\u00a0\u00bbRendez-vous sur le site de Niijaansinaanik Child and Family Services (anglais)\u00a0\u00bb button_alignment=\u00a0\u00bbcenter\u00a0\u00bb _builder_version=\u00a0\u00bb4.4.9&Prime; custom_button=\u00a0\u00bbon\u00a0\u00bb button_text_size=\u00a0\u00bb14px\u00a0\u00bb button_text_color=\u00a0\u00bb#ffffff\u00a0\u00bb button_bg_color=\u00a0\u00bb#1b2b42&Prime; button_border_width=\u00a0\u00bb0px\u00a0\u00bb button_border_color=\u00a0\u00bbrgba(0,0,0,0)\u00a0\u00bb button_border_radius=\u00a0\u00bb0px\u00a0\u00bb button_letter_spacing=\u00a0\u00bb0px\u00a0\u00bb button_font=\u00a0\u00bbGill Sans MT Bold||||||||\u00a0\u00bb button_use_icon=\u00a0\u00bboff\u00a0\u00bb custom_margin=\u00a0\u00bb35px|||||\u00a0\u00bb custom_padding=\u00a0\u00bb|20px||20px|true|true\u00a0\u00bb button_text_color_last_edited=\u00a0\u00bboff|desktop\u00a0\u00bb button_bg_color_tablet=\u00a0\u00bb\u00a0\u00bb button_bg_color_phone=\u00a0\u00bb\u00a0\u00bb button_bg_color_last_edited=\u00a0\u00bbon|desktop\u00a0\u00bb locked=\u00a0\u00bboff\u00a0\u00bb button_bg_color__hover_enabled=\u00a0\u00bbon|desktop\u00a0\u00bb button_bg_color__hover=\u00a0\u00bb#4e5f6f\u00a0\u00bb button_bg_enable_color__hover=\u00a0\u00bbon\u00a0\u00bb][\/et_pb_button][\/et_pb_column_inner][\/et_pb_row_inner][\/et_pb_column][\/et_pb_section]<\/p>\n","protected":false},"excerpt":{"rendered":"<p>V\u251c\u00aerit\u251c\u00ae et r\u251c\u00aeconciliation<div id=\"internal-menu\" class=\"et_pb_module dsm_menu dsm_menu_0 internal-menu  et_pb_text_align_left et_pb_bg_layout_light\">\n\t\t\t\t\n\t\t\t\t\n\t\t\t\t\n\t\t\t\t\n\t\t\t\t\n\t\t\t\t\n\t\t\t\t<div class=\"et_pb_module_inner\">\n\t\t\t\t\t<nav class=\"dsm-menu-container\" role=\"navigation\" itemscope itemtype=\"http:\/\/schema.org\/SiteNavigationElement\"><ul id=\"menu-truth-reconciliation-inner-menu-french\" class=\"dsm-menu dsm-menu-style-type-disc dsm-menu-layout-vertical\"><li id=\"menu-item-8433\" class=\"et_pb_menu_page_id-8422 menu-item menu-item-type-post_type menu-item-object-page menu-item-8433\"><a href=\"https:\/\/www.parnipcas.org\/fr\/verite-et-reconciliation\/\" itemprop=\"url\"><span itemprop=\"name\">V\u251c\u00aerit\u251c\u00ae et r\u251c\u00aeconciliation<\/span><\/a><\/li>\n<li id=\"menu-item-8740\" class=\"et_pb_menu_page_id-8689 menu-item menu-item-type-post_type menu-item-object-page menu-item-8740\"><a href=\"https:\/\/www.parnipcas.org\/fr\/verite-et-reconciliation\/devolution-designation\/\" itemprop=\"url\"><span itemprop=\"name\">D\u251c\u00aevolution \/ d\u251c\u00aesignation<\/span><\/a><\/li>\n<li id=\"menu-item-12147\" class=\"et_pb_menu_page_id-10948 menu-item menu-item-type-post_type menu-item-object-page menu-item-12147\"><a href=\"https:\/\/www.parnipcas.org\/fr\/equite-et-inclusion\/\" itemprop=\"url\"><span itemprop=\"name\">\u251c\u00ebquit\u251c\u00ae et inclusion<\/span><\/a><\/li>\n<\/ul><\/nav>\n\t\t\t\t<\/div>\n\t\t\t<\/div>Niijaansinaanik Child and Family Services En avril 2021, Niijaansinaanik Child and Family Services recevra sa d\u251c\u00aesignation du gouvernement de l\u00d4\u00c7\u00d6Ontario \u251c\u00e1 titre de fournisseur de services de protection de l\u00d4\u00c7\u00d6enfance au sens de la Loi sur [&hellip;]<\/p>\n","protected":false},"author":6,"featured_media":0,"parent":8422,"menu_order":0,"comment_status":"closed","ping_status":"closed","template":"","meta":{"_et_pb_use_builder":"on","_et_pb_old_content":"","_et_gb_content_width":"","footnotes":""},"class_list":["post-8689","page","type-page","status-publish","hentry"],"yoast_head":"<!-- This site is optimized with the Yoast SEO plugin v27.4 - https:\/\/yoast.com\/product\/yoast-seo-wordpress\/ -->\n<title>D\u251c\u00aevolution \/ d\u251c\u00aesignation - Children&#039;s Aid Society<\/title>\n<meta name=\"robots\" content=\"index, follow, max-snippet:-1, max-image-preview:large, max-video-preview:-1\" \/>\n<link rel=\"canonical\" href=\"https:\/\/www.parnipcas.org\/fr\/verite-et-reconciliation\/devolution-designation\/\" \/>\n<meta property=\"og:locale\" content=\"fr_FR\" \/>\n<meta property=\"og:type\" content=\"article\" \/>\n<meta property=\"og:title\" content=\"D\u251c\u00aevolution \/ d\u251c\u00aesignation - Children&#039;s Aid Society\" \/>\n<meta property=\"og:description\" content=\"V\u251c\u00aerit\u251c\u00ae et r\u251c\u00aeconciliationNiijaansinaanik Child and Family Services En avril 2021, Niijaansinaanik Child and Family Services recevra sa d\u251c\u00aesignation du gouvernement de l\u00d4\u00c7\u00d6Ontario \u251c\u00e1 titre de fournisseur de services de protection de l\u00d4\u00c7\u00d6enfance au sens de la Loi sur [&hellip;]\" \/>\n<meta property=\"og:url\" content=\"https:\/\/www.parnipcas.org\/fr\/verite-et-reconciliation\/devolution-designation\/\" \/>\n<meta property=\"og:site_name\" content=\"Children&#039;s Aid Society\" \/>\n<meta property=\"article:modified_time\" content=\"2021-04-19T11:28:20+00:00\" \/>\n<meta name=\"twitter:card\" content=\"summary_large_image\" \/>\n<meta name=\"twitter:label1\" content=\"Dur\u00e9e de lecture estim\u00e9e\" \/>\n\t<meta name=\"twitter:data1\" content=\"7 minutes\" \/>\n<script type=\"application\/ld+json\" class=\"yoast-schema-graph\">{\"@context\":\"https:\\\/\\\/schema.org\",\"@graph\":[{\"@type\":\"WebPage\",\"@id\":\"https:\\\/\\\/www.parnipcas.org\\\/fr\\\/verite-et-reconciliation\\\/devolution-designation\\\/\",\"url\":\"https:\\\/\\\/www.parnipcas.org\\\/fr\\\/verite-et-reconciliation\\\/devolution-designation\\\/\",\"name\":\"D\u251c\u00aevolution \\\/ d\u251c\u00aesignation - Children&#039;s Aid Society\",\"isPartOf\":{\"@id\":\"https:\\\/\\\/www.parnipcas.org\\\/#website\"},\"datePublished\":\"2020-08-17T19:42:50+00:00\",\"dateModified\":\"2021-04-19T11:28:20+00:00\",\"breadcrumb\":{\"@id\":\"https:\\\/\\\/www.parnipcas.org\\\/fr\\\/verite-et-reconciliation\\\/devolution-designation\\\/#breadcrumb\"},\"inLanguage\":\"fr-FR\",\"potentialAction\":[{\"@type\":\"ReadAction\",\"target\":[\"https:\\\/\\\/www.parnipcas.org\\\/fr\\\/verite-et-reconciliation\\\/devolution-designation\\\/\"]}]},{\"@type\":\"BreadcrumbList\",\"@id\":\"https:\\\/\\\/www.parnipcas.org\\\/fr\\\/verite-et-reconciliation\\\/devolution-designation\\\/#breadcrumb\",\"itemListElement\":[{\"@type\":\"ListItem\",\"position\":1,\"name\":\"Home\",\"item\":\"https:\\\/\\\/www.parnipcas.org\\\/fr\\\/\"},{\"@type\":\"ListItem\",\"position\":2,\"name\":\"V\u251c\u00aerit\u251c\u00ae et r\u251c\u00aeconciliation\",\"item\":\"https:\\\/\\\/www.parnipcas.org\\\/fr\\\/verite-et-reconciliation\\\/\"},{\"@type\":\"ListItem\",\"position\":3,\"name\":\"D\u251c\u00aevolution \\\/ d\u251c\u00aesignation\"}]},{\"@type\":\"WebSite\",\"@id\":\"https:\\\/\\\/www.parnipcas.org\\\/#website\",\"url\":\"https:\\\/\\\/www.parnipcas.org\\\/\",\"name\":\"Children&#039;s Aid Society\",\"description\":\"Nipissing &amp; Parry Sound District\",\"potentialAction\":[{\"@type\":\"SearchAction\",\"target\":{\"@type\":\"EntryPoint\",\"urlTemplate\":\"https:\\\/\\\/www.parnipcas.org\\\/?s={search_term_string}\"},\"query-input\":{\"@type\":\"PropertyValueSpecification\",\"valueRequired\":true,\"valueName\":\"search_term_string\"}}],\"inLanguage\":\"fr-FR\"}]}<\/script>\n<!-- \/ Yoast SEO plugin. -->","yoast_head_json":{"title":"D\u251c\u00aevolution \/ d\u251c\u00aesignation - Children&#039;s Aid Society","robots":{"index":"index","follow":"follow","max-snippet":"max-snippet:-1","max-image-preview":"max-image-preview:large","max-video-preview":"max-video-preview:-1"},"canonical":"https:\/\/www.parnipcas.org\/fr\/verite-et-reconciliation\/devolution-designation\/","og_locale":"fr_FR","og_type":"article","og_title":"D\u251c\u00aevolution \/ d\u251c\u00aesignation - Children&#039;s Aid Society","og_description":"V\u251c\u00aerit\u251c\u00ae et r\u251c\u00aeconciliationNiijaansinaanik Child and Family Services En avril 2021, Niijaansinaanik Child and Family Services recevra sa d\u251c\u00aesignation du gouvernement de l\u00d4\u00c7\u00d6Ontario \u251c\u00e1 titre de fournisseur de services de protection de l\u00d4\u00c7\u00d6enfance au sens de la Loi sur [&hellip;]","og_url":"https:\/\/www.parnipcas.org\/fr\/verite-et-reconciliation\/devolution-designation\/","og_site_name":"Children&#039;s Aid Society","article_modified_time":"2021-04-19T11:28:20+00:00","twitter_card":"summary_large_image","twitter_misc":{"Dur\u00e9e de lecture estim\u00e9e":"7 minutes"},"schema":{"@context":"https:\/\/schema.org","@graph":[{"@type":"WebPage","@id":"https:\/\/www.parnipcas.org\/fr\/verite-et-reconciliation\/devolution-designation\/","url":"https:\/\/www.parnipcas.org\/fr\/verite-et-reconciliation\/devolution-designation\/","name":"D\u251c\u00aevolution \/ d\u251c\u00aesignation - Children&#039;s Aid Society","isPartOf":{"@id":"https:\/\/www.parnipcas.org\/#website"},"datePublished":"2020-08-17T19:42:50+00:00","dateModified":"2021-04-19T11:28:20+00:00","breadcrumb":{"@id":"https:\/\/www.parnipcas.org\/fr\/verite-et-reconciliation\/devolution-designation\/#breadcrumb"},"inLanguage":"fr-FR","potentialAction":[{"@type":"ReadAction","target":["https:\/\/www.parnipcas.org\/fr\/verite-et-reconciliation\/devolution-designation\/"]}]},{"@type":"BreadcrumbList","@id":"https:\/\/www.parnipcas.org\/fr\/verite-et-reconciliation\/devolution-designation\/#breadcrumb","itemListElement":[{"@type":"ListItem","position":1,"name":"Home","item":"https:\/\/www.parnipcas.org\/fr\/"},{"@type":"ListItem","position":2,"name":"V\u251c\u00aerit\u251c\u00ae et r\u251c\u00aeconciliation","item":"https:\/\/www.parnipcas.org\/fr\/verite-et-reconciliation\/"},{"@type":"ListItem","position":3,"name":"D\u251c\u00aevolution \/ d\u251c\u00aesignation"}]},{"@type":"WebSite","@id":"https:\/\/www.parnipcas.org\/#website","url":"https:\/\/www.parnipcas.org\/","name":"Children&#039;s Aid Society","description":"Nipissing &amp; Parry Sound District","potentialAction":[{"@type":"SearchAction","target":{"@type":"EntryPoint","urlTemplate":"https:\/\/www.parnipcas.org\/?s={search_term_string}"},"query-input":{"@type":"PropertyValueSpecification","valueRequired":true,"valueName":"search_term_string"}}],"inLanguage":"fr-FR"}]}},"_links":{"self":[{"href":"https:\/\/www.parnipcas.org\/fr\/wp-json\/wp\/v2\/pages\/8689","targetHints":{"allow":["GET"]}}],"collection":[{"href":"https:\/\/www.parnipcas.org\/fr\/wp-json\/wp\/v2\/pages"}],"about":[{"href":"https:\/\/www.parnipcas.org\/fr\/wp-json\/wp\/v2\/types\/page"}],"author":[{"embeddable":true,"href":"https:\/\/www.parnipcas.org\/fr\/wp-json\/wp\/v2\/users\/6"}],"replies":[{"embeddable":true,"href":"https:\/\/www.parnipcas.org\/fr\/wp-json\/wp\/v2\/comments?post=8689"}],"version-history":[{"count":4,"href":"https:\/\/www.parnipcas.org\/fr\/wp-json\/wp\/v2\/pages\/8689\/revisions"}],"predecessor-version":[{"id":10004,"href":"https:\/\/www.parnipcas.org\/fr\/wp-json\/wp\/v2\/pages\/8689\/revisions\/10004"}],"up":[{"embeddable":true,"href":"https:\/\/www.parnipcas.org\/fr\/wp-json\/wp\/v2\/pages\/8422"}],"wp:attachment":[{"href":"https:\/\/www.parnipcas.org\/fr\/wp-json\/wp\/v2\/media?parent=8689"}],"curies":[{"name":"wp","href":"https:\/\/api.w.org\/{rel}","templated":true}]}}